{"id":1000000032852,"date":"2026-03-31T09:06:17","date_gmt":"2026-03-31T07:06:17","guid":{"rendered":"https:\/\/detfranskevinhus.com\/?post_type=product&#038;p=1000000032852"},"modified":"2026-04-06T11:48:11","modified_gmt":"2026-04-06T09:48:11","slug":"cascina-radice-barbera-vole-piemonte","status":"publish","type":"product","link":"https:\/\/detfranskevinhus.com\/sv\/vare\/cascina-radice-barbera-vole-piemonte\/","title":{"rendered":"Cascina Radice Barbera &#8220;Vole&#8221; Piemonte"},"content":{"rendered":"<p data-start=\"2494\" data-end=\"2830\"><strong data-start=\"2494\" data-end=\"2506\">Ursprung<\/strong><br data-start=\"2506\" data-end=\"2509\" \/>Detta r\u00f6da vin kommer fr\u00e5n Piemonte i norra Italien, ett omr\u00e5de k\u00e4nt f\u00f6r viner med b\u00e5de frukt, struktur och elegans. Vinet \u00e4r producerat av Cascina Radice i Moasca och \u00e4r gjort p\u00e5 Barbera, en av omr\u00e5dets mest klassiska druvor. Stilen \u00e4r appassimento, d\u00e4r druvornas koncentration ger mer fyllighet, mjukhet och intensitet.<\/p>\n<p data-start=\"2832\" data-end=\"2852\"><strong data-start=\"2832\" data-end=\"2841\">Druva<\/strong><br data-start=\"2841\" data-end=\"2844\" \/>Barbera.<\/p>\n<p data-start=\"2854\" data-end=\"3157\"><strong data-start=\"2854\" data-end=\"2862\">Smak<\/strong><br data-start=\"2862\" data-end=\"2865\" \/>Vinet \u00e4r torrt, fylligt och runt med en mjuk och balanserad smakprofil. H\u00e4r finns mogna m\u00f6rka k\u00f6rsb\u00e4r, plommon och r\u00f6da b\u00e4r, tillsammans med kryddiga nyanser och en varm, fruktig djuphet. Det upplevs intensivt men samtidigt harmoniskt, med avrundade tanniner och en behaglig, l\u00e5ng avslutning.<\/p>\n<p data-start=\"3159\" data-end=\"3364\"><strong data-start=\"3159\" data-end=\"3167\">Arom<\/strong><br data-start=\"3167\" data-end=\"3170\" \/>Doften \u00e4r fruktig och intensiv med toner av mogna k\u00f6rsb\u00e4r, m\u00f6rka plommon och l\u00e4tt kryddiga inslag. Det finns en varm och inbjudande stil i doften som ger ett gener\u00f6st och fylligt f\u00f6rsta intryck.<\/p>\n<p data-start=\"3366\" data-end=\"3378\"><strong data-start=\"3366\" data-end=\"3378\">Karakt\u00e4r<\/strong><\/p>\n<ul data-start=\"3380\" data-end=\"3490\">\n<li data-section-id=\"688c0v\" data-start=\"3380\" data-end=\"3396\">Torrhet: Torrt<\/li>\n<li data-section-id=\"1ku6t35\" data-start=\"3397\" data-end=\"3409\">S\u00f6tma: L\u00e5g<\/li>\n<li data-section-id=\"1mwpo7z\" data-start=\"3410\" data-end=\"3430\">Fyllighet: Fylligt<\/li>\n<li data-section-id=\"192cfyi\" data-start=\"3431\" data-end=\"3449\">Syra: Balanserad<\/li>\n<li data-section-id=\"tlk74f\" data-start=\"3450\" data-end=\"3490\">Tanniner: Mjuka, mogna och v\u00e4lavst\u00e4mda<\/li>\n<\/ul>\n<p data-start=\"3492\" data-end=\"3516\"><strong data-start=\"3492\" data-end=\"3503\">Alkohol<\/strong><br data-start=\"3503\" data-end=\"3506\" \/>14,5% vol.<\/p>\n<p data-start=\"3518\" data-end=\"3853\"><strong data-start=\"3518\" data-end=\"3543\">S\u00e4rskilda k\u00e4nnetecken<\/strong><br data-start=\"3543\" data-end=\"3546\" \/>En Barbera i appassimento-stil med extra fyllighet, mjukhet och koncentration. Vinet kombinerar Piemonte-druvans friska frukt med en rundare och mer intensiv karakt\u00e4r, vilket g\u00f6r det b\u00e5de charmigt och l\u00e4tt att tycka om. Ett bra val f\u00f6r dig som gillar italienska r\u00f6da viner med mogen frukt och mjuk struktur.<\/p>\n<p data-start=\"3855\" data-end=\"4103\"><strong data-start=\"3855\" data-end=\"3867\">Matmatch<\/strong><br data-start=\"3867\" data-end=\"3870\" \/>Passar bra till pastar\u00e4tter med fyllig s\u00e5s, grillade k\u00f6ttr\u00e4tter, br\u00e4serad n\u00f6t och charkuterier. Det \u00e4r ocks\u00e5 mycket gott till pizza, lasagne och medelfylliga ostar, d\u00e4r vinets runda frukt och mjuka tanniner kommer fint till sin r\u00e4tt.<\/p>\n<p data-start=\"4105\" data-end=\"4179\"><strong data-start=\"4105\" data-end=\"4122\">Seo Keyphrase<\/strong><\/p>\n","protected":false},"excerpt":{"rendered":"<p>Fyllig och mjuk Barbera fr\u00e5n Piemonte med mogen frukt, krydda och rund struktur. Ett charmigt italienskt r\u00f6dvin till pasta, k\u00f6ttr\u00e4tter och goda vardagsmiddagar.<\/p>\n","protected":false},"featured_media":1000000032849,"template":"","meta":{"_acf_changed":false,"site-sidebar-layout":"default","site-content-layout":"","ast-site-content-layout":"default","site-content-style":"default","site-sidebar-style":"default","ast-global-header-display":"","ast-banner-title-visibility":"","ast-main-header-display":"","ast-hfb-above-header-display":"","ast-hfb-below-header-display":"","ast-hfb-mobile-header-display":"","site-post-title":"","ast-breadcrumbs-content":"","ast-featured-img":"","footer-sml-layout":"","ast-disable-related-posts":"","theme-transparent-header-meta":"default","adv-header-id-meta":"","stick-header-meta":"default","header-above-stick-meta":"","header-main-stick-meta":"","header-below-stick-meta":"","astra-migrate-meta-layouts":"set","ast-page-background-enabled":"default","ast-page-background-meta":{"desktop":{"background-color":"","background-image":"","background-repeat":"repeat","background-position":"center center","background-size":"auto","background-attachment":"scroll","background-type":"","background-media":"","overlay-type":"","overlay-color":"","overlay-opacity":"","overlay-gradient":""},"tablet":{"background-color":"","background-image":"","background-repeat":"repeat","background-position":"center center","background-size":"auto","background-attachment":"scroll","background-type":"","background-media":"","overlay-type":"","overlay-color":"","overlay-opacity":"","overlay-gradient":""},"mobile":{"background-color":"","background-image":"","background-repeat":"repeat","background-position":"center center","background-size":"auto","background-attachment":"scroll","background-type":"","background-media":"","overlay-type":"","overlay-color":"","overlay-opacity":"","overlay-gradient":""}},"ast-content-background-meta":{"desktop":{"background-color":"var(--ast-global-color-5)","background-image":"","background-repeat":"repeat","background-position":"center center","background-size":"auto","background-attachment":"scroll","background-type":"","background-media":"","overlay-type":"","overlay-color":"","overlay-opacity":"","overlay-gradient":""},"tablet":{"background-color":"var(--ast-global-color-5)","background-image":"","background-repeat":"repeat","background-position":"center center","background-size":"auto","background-attachment":"scroll","background-type":"","background-media":"","overlay-type":"","overlay-color":"","overlay-opacity":"","overlay-gradient":""},"mobile":{"background-color":"var(--ast-global-color-5)","background-image":"","background-repeat":"repeat","background-position":"center center","background-size":"auto","background-attachment":"scroll","background-type":"","background-media":"","overlay-type":"","overlay-color":"","overlay-opacity":"","overlay-gradient":""}}},"product_brand":[],"product_cat":[1579,367],"product_tag":[],"class_list":{"0":"post-1000000032852","1":"product","2":"type-product","3":"status-publish","4":"has-post-thumbnail","6":"product_cat-italien","7":"product_cat-rott-vin","8":"pa_drue-barbera","9":"pa_vintype-rott-vin-sv","10":"desktop-align-center","11":"tablet-align-center","12":"mobile-align-center","13":"ast-product-gallery-layout-horizontal","14":"ast-product-tabs-layout-horizontal","15":"ast-qv-on-image-click","17":"first","18":"instock","19":"taxable","20":"shipping-taxable","21":"purchasable","22":"product-type-simple"},"group_of_quantity":0,"min_quantity":0,"max_quantity":"","exclude_order_quantity_value_rules":"no","exclude_category_quantity_rules":"no","combine_variations":"no","acf":[],"yoast_head":"<!-- This site is optimized with the Yoast SEO plugin v27.4 - https:\/\/yoast.com\/product\/yoast-seo-wordpress\/ -->\n<title>Cascina Radice Vol\u00e9 Barbera Appassimento | R\u00f6dvin | Piemonte<\/title>\n<meta name=\"description\" content=\"K\u00f6p Cascina Radice Vol\u00e9 Piemonte Barbera Appassimento 2023. Fylligt italienskt r\u00f6dvin med mogen frukt, mjuk struktur och kryddigt djup.\" \/>\n<meta name=\"robots\" content=\"index, follow, max-snippet:-1, max-image-preview:large, max-video-preview:-1\" \/>\n<link rel=\"canonical\" href=\"https:\/\/detfranskevinhus.com\/sv\/vare\/cascina-radice-barbera-vole-piemonte\/\" \/>\n<meta property=\"og:locale\" content=\"sv_SE\" \/>\n<meta property=\"og:type\" content=\"article\" \/>\n<meta property=\"og:title\" content=\"Cascina Radice Vol\u00e9 Barbera 2023. Fylligt Piemonte med mjuk frukt\" \/>\n<meta property=\"og:description\" content=\"En rund och intensiv Barbera fr\u00e5n Piemonte i appassimento-stil med mogen frukt och mjuka tanniner. Perfekt till pasta, grillat k\u00f6tt och italienska middagar.\" \/>\n<meta property=\"og:url\" content=\"https:\/\/detfranskevinhus.com\/sv\/vare\/cascina-radice-barbera-vole-piemonte\/\" \/>\n<meta property=\"og:site_name\" content=\"Det Franske Vinhus\" \/>\n<meta property=\"article:modified_time\" content=\"2026-04-06T09:48:11+00:00\" \/>\n<meta property=\"og:image\" content=\"https:\/\/detfranskevinhus.com\/wp-content\/uploads\/2026\/03\/28-Italien-Piemonte-Barbera-Roedvin-Cascina-Radice-Barbera-Vole-Piemonte.jpeg\" \/>\n\t<meta property=\"og:image:width\" content=\"1080\" \/>\n\t<meta property=\"og:image:height\" content=\"1920\" \/>\n\t<meta property=\"og:image:type\" content=\"image\/jpeg\" \/>\n<meta name=\"twitter:card\" content=\"summary_large_image\" \/>\n<meta name=\"twitter:label1\" content=\"Ber\u00e4knad l\u00e4stid\" \/>\n\t<meta name=\"twitter:data1\" content=\"2 minuter\" \/>\n<script type=\"application\/ld+json\" class=\"yoast-schema-graph\">{\"@context\":\"https:\\\/\\\/schema.org\",\"@graph\":[{\"@type\":\"WebPage\",\"@id\":\"https:\\\/\\\/detfranskevinhus.com\\\/sv\\\/vare\\\/cascina-radice-barbera-vole-piemonte\\\/\",\"url\":\"https:\\\/\\\/detfranskevinhus.com\\\/sv\\\/vare\\\/cascina-radice-barbera-vole-piemonte\\\/\",\"name\":\"Cascina Radice Vol\u00e9 Barbera Appassimento | R\u00f6dvin | Piemonte\",\"isPartOf\":{\"@id\":\"https:\\\/\\\/detfranskevinhus.com\\\/sv\\\/#website\"},\"primaryImageOfPage\":{\"@id\":\"https:\\\/\\\/detfranskevinhus.com\\\/sv\\\/vare\\\/cascina-radice-barbera-vole-piemonte\\\/#primaryimage\"},\"image\":{\"@id\":\"https:\\\/\\\/detfranskevinhus.com\\\/sv\\\/vare\\\/cascina-radice-barbera-vole-piemonte\\\/#primaryimage\"},\"thumbnailUrl\":\"https:\\\/\\\/detfranskevinhus.com\\\/wp-content\\\/uploads\\\/2026\\\/03\\\/28-Italien-Piemonte-Barbera-Roedvin-Cascina-Radice-Barbera-Vole-Piemonte.jpeg\",\"datePublished\":\"2026-03-31T07:06:17+00:00\",\"dateModified\":\"2026-04-06T09:48:11+00:00\",\"description\":\"K\u00f6p Cascina Radice Vol\u00e9 Piemonte Barbera Appassimento 2023. Fylligt italienskt r\u00f6dvin med mogen frukt, mjuk struktur och kryddigt djup.\",\"breadcrumb\":{\"@id\":\"https:\\\/\\\/detfranskevinhus.com\\\/sv\\\/vare\\\/cascina-radice-barbera-vole-piemonte\\\/#breadcrumb\"},\"inLanguage\":\"sv-SE\",\"potentialAction\":[{\"@type\":\"ReadAction\",\"target\":[\"https:\\\/\\\/detfranskevinhus.com\\\/sv\\\/vare\\\/cascina-radice-barbera-vole-piemonte\\\/\"]}]},{\"@type\":\"ImageObject\",\"inLanguage\":\"sv-SE\",\"@id\":\"https:\\\/\\\/detfranskevinhus.com\\\/sv\\\/vare\\\/cascina-radice-barbera-vole-piemonte\\\/#primaryimage\",\"url\":\"https:\\\/\\\/detfranskevinhus.com\\\/wp-content\\\/uploads\\\/2026\\\/03\\\/28-Italien-Piemonte-Barbera-Roedvin-Cascina-Radice-Barbera-Vole-Piemonte.jpeg\",\"contentUrl\":\"https:\\\/\\\/detfranskevinhus.com\\\/wp-content\\\/uploads\\\/2026\\\/03\\\/28-Italien-Piemonte-Barbera-Roedvin-Cascina-Radice-Barbera-Vole-Piemonte.jpeg\",\"width\":1080,\"height\":1920,\"caption\":\"Italien Piemonte Barbera R\u00f8dvin Cascina Radice Barbera Vole Piemonte\"},{\"@type\":\"BreadcrumbList\",\"@id\":\"https:\\\/\\\/detfranskevinhus.com\\\/sv\\\/vare\\\/cascina-radice-barbera-vole-piemonte\\\/#breadcrumb\",\"itemListElement\":[{\"@type\":\"ListItem\",\"position\":1,\"name\":\"Shop\",\"item\":\"https:\\\/\\\/detfranskevinhus.com\\\/sv\\\/butik\\\/\"},{\"@type\":\"ListItem\",\"position\":2,\"name\":\"Cascina Radice Barbera &#8220;Vole&#8221; Piemonte\"}]},{\"@type\":\"WebSite\",\"@id\":\"https:\\\/\\\/detfranskevinhus.com\\\/sv\\\/#website\",\"url\":\"https:\\\/\\\/detfranskevinhus.com\\\/sv\\\/\",\"name\":\"Det Franske Vinhus\",\"description\":\"\",\"publisher\":{\"@id\":\"https:\\\/\\\/detfranskevinhus.com\\\/sv\\\/#organization\"},\"potentialAction\":[{\"@type\":\"SearchAction\",\"target\":{\"@type\":\"EntryPoint\",\"urlTemplate\":\"https:\\\/\\\/detfranskevinhus.com\\\/sv\\\/?s={search_term_string}\"},\"query-input\":{\"@type\":\"PropertyValueSpecification\",\"valueRequired\":true,\"valueName\":\"search_term_string\"}}],\"inLanguage\":\"sv-SE\"},{\"@type\":\"Organization\",\"@id\":\"https:\\\/\\\/detfranskevinhus.com\\\/sv\\\/#organization\",\"name\":\"Det Franske Vinhus\",\"url\":\"https:\\\/\\\/detfranskevinhus.com\\\/sv\\\/\",\"logo\":{\"@type\":\"ImageObject\",\"inLanguage\":\"sv-SE\",\"@id\":\"https:\\\/\\\/detfranskevinhus.com\\\/sv\\\/#\\\/schema\\\/logo\\\/image\\\/\",\"url\":\"https:\\\/\\\/detfranskevinhus.com\\\/wp-content\\\/uploads\\\/2023\\\/07\\\/01_DFV_Logo_www_01-02-copy.jpg\",\"contentUrl\":\"https:\\\/\\\/detfranskevinhus.com\\\/wp-content\\\/uploads\\\/2023\\\/07\\\/01_DFV_Logo_www_01-02-copy.jpg\",\"width\":992,\"height\":482,\"caption\":\"Det Franske Vinhus\"},\"image\":{\"@id\":\"https:\\\/\\\/detfranskevinhus.com\\\/sv\\\/#\\\/schema\\\/logo\\\/image\\\/\"}}]}<\/script>\n<!-- \/ Yoast SEO plugin. -->","yoast_head_json":{"title":"Cascina Radice Vol\u00e9 Barbera Appassimento | R\u00f6dvin | Piemonte","description":"K\u00f6p Cascina Radice Vol\u00e9 Piemonte Barbera Appassimento 2023. Fylligt italienskt r\u00f6dvin med mogen frukt, mjuk struktur och kryddigt djup.","robots":{"index":"index","follow":"follow","max-snippet":"max-snippet:-1","max-image-preview":"max-image-preview:large","max-video-preview":"max-video-preview:-1"},"canonical":"https:\/\/detfranskevinhus.com\/sv\/vare\/cascina-radice-barbera-vole-piemonte\/","og_locale":"sv_SE","og_type":"article","og_title":"Cascina Radice Vol\u00e9 Barbera 2023. Fylligt Piemonte med mjuk frukt","og_description":"En rund och intensiv Barbera fr\u00e5n Piemonte i appassimento-stil med mogen frukt och mjuka tanniner. Perfekt till pasta, grillat k\u00f6tt och italienska middagar.","og_url":"https:\/\/detfranskevinhus.com\/sv\/vare\/cascina-radice-barbera-vole-piemonte\/","og_site_name":"Det Franske Vinhus","article_modified_time":"2026-04-06T09:48:11+00:00","og_image":[{"width":1080,"height":1920,"url":"https:\/\/detfranskevinhus.com\/wp-content\/uploads\/2026\/03\/28-Italien-Piemonte-Barbera-Roedvin-Cascina-Radice-Barbera-Vole-Piemonte.jpeg","type":"image\/jpeg"}],"twitter_card":"summary_large_image","twitter_misc":{"Ber\u00e4knad l\u00e4stid":"2 minuter"},"schema":{"@context":"https:\/\/schema.org","@graph":[{"@type":"WebPage","@id":"https:\/\/detfranskevinhus.com\/sv\/vare\/cascina-radice-barbera-vole-piemonte\/","url":"https:\/\/detfranskevinhus.com\/sv\/vare\/cascina-radice-barbera-vole-piemonte\/","name":"Cascina Radice Vol\u00e9 Barbera Appassimento | R\u00f6dvin | Piemonte","isPartOf":{"@id":"https:\/\/detfranskevinhus.com\/sv\/#website"},"primaryImageOfPage":{"@id":"https:\/\/detfranskevinhus.com\/sv\/vare\/cascina-radice-barbera-vole-piemonte\/#primaryimage"},"image":{"@id":"https:\/\/detfranskevinhus.com\/sv\/vare\/cascina-radice-barbera-vole-piemonte\/#primaryimage"},"thumbnailUrl":"https:\/\/detfranskevinhus.com\/wp-content\/uploads\/2026\/03\/28-Italien-Piemonte-Barbera-Roedvin-Cascina-Radice-Barbera-Vole-Piemonte.jpeg","datePublished":"2026-03-31T07:06:17+00:00","dateModified":"2026-04-06T09:48:11+00:00","description":"K\u00f6p Cascina Radice Vol\u00e9 Piemonte Barbera Appassimento 2023. Fylligt italienskt r\u00f6dvin med mogen frukt, mjuk struktur och kryddigt djup.","breadcrumb":{"@id":"https:\/\/detfranskevinhus.com\/sv\/vare\/cascina-radice-barbera-vole-piemonte\/#breadcrumb"},"inLanguage":"sv-SE","potentialAction":[{"@type":"ReadAction","target":["https:\/\/detfranskevinhus.com\/sv\/vare\/cascina-radice-barbera-vole-piemonte\/"]}]},{"@type":"ImageObject","inLanguage":"sv-SE","@id":"https:\/\/detfranskevinhus.com\/sv\/vare\/cascina-radice-barbera-vole-piemonte\/#primaryimage","url":"https:\/\/detfranskevinhus.com\/wp-content\/uploads\/2026\/03\/28-Italien-Piemonte-Barbera-Roedvin-Cascina-Radice-Barbera-Vole-Piemonte.jpeg","contentUrl":"https:\/\/detfranskevinhus.com\/wp-content\/uploads\/2026\/03\/28-Italien-Piemonte-Barbera-Roedvin-Cascina-Radice-Barbera-Vole-Piemonte.jpeg","width":1080,"height":1920,"caption":"Italien Piemonte Barbera R\u00f8dvin Cascina Radice Barbera Vole Piemonte"},{"@type":"BreadcrumbList","@id":"https:\/\/detfranskevinhus.com\/sv\/vare\/cascina-radice-barbera-vole-piemonte\/#breadcrumb","itemListElement":[{"@type":"ListItem","position":1,"name":"Shop","item":"https:\/\/detfranskevinhus.com\/sv\/butik\/"},{"@type":"ListItem","position":2,"name":"Cascina Radice Barbera &#8220;Vole&#8221; Piemonte"}]},{"@type":"WebSite","@id":"https:\/\/detfranskevinhus.com\/sv\/#website","url":"https:\/\/detfranskevinhus.com\/sv\/","name":"Det Franske Vinhus","description":"","publisher":{"@id":"https:\/\/detfranskevinhus.com\/sv\/#organization"},"potentialAction":[{"@type":"SearchAction","target":{"@type":"EntryPoint","urlTemplate":"https:\/\/detfranskevinhus.com\/sv\/?s={search_term_string}"},"query-input":{"@type":"PropertyValueSpecification","valueRequired":true,"valueName":"search_term_string"}}],"inLanguage":"sv-SE"},{"@type":"Organization","@id":"https:\/\/detfranskevinhus.com\/sv\/#organization","name":"Det Franske Vinhus","url":"https:\/\/detfranskevinhus.com\/sv\/","logo":{"@type":"ImageObject","inLanguage":"sv-SE","@id":"https:\/\/detfranskevinhus.com\/sv\/#\/schema\/logo\/image\/","url":"https:\/\/detfranskevinhus.com\/wp-content\/uploads\/2023\/07\/01_DFV_Logo_www_01-02-copy.jpg","contentUrl":"https:\/\/detfranskevinhus.com\/wp-content\/uploads\/2023\/07\/01_DFV_Logo_www_01-02-copy.jpg","width":992,"height":482,"caption":"Det Franske Vinhus"},"image":{"@id":"https:\/\/detfranskevinhus.com\/sv\/#\/schema\/logo\/image\/"}}]}},"_links":{"self":[{"href":"https:\/\/detfranskevinhus.com\/sv\/wp-json\/wp\/v2\/product\/1000000032852","targetHints":{"allow":["GET"]}}],"collection":[{"href":"https:\/\/detfranskevinhus.com\/sv\/wp-json\/wp\/v2\/product"}],"about":[{"href":"https:\/\/detfranskevinhus.com\/sv\/wp-json\/wp\/v2\/types\/product"}],"version-history":[{"count":5,"href":"https:\/\/detfranskevinhus.com\/sv\/wp-json\/wp\/v2\/product\/1000000032852\/revisions"}],"predecessor-version":[{"id":1000000033033,"href":"https:\/\/detfranskevinhus.com\/sv\/wp-json\/wp\/v2\/product\/1000000032852\/revisions\/1000000033033"}],"wp:featuredmedia":[{"embeddable":true,"href":"https:\/\/detfranskevinhus.com\/sv\/wp-json\/wp\/v2\/media\/1000000032849"}],"wp:attachment":[{"href":"https:\/\/detfranskevinhus.com\/sv\/wp-json\/wp\/v2\/media?parent=1000000032852"}],"wp:term":[{"taxonomy":"product_brand","embeddable":true,"href":"https:\/\/detfranskevinhus.com\/sv\/wp-json\/wp\/v2\/product_brand?post=1000000032852"},{"taxonomy":"product_cat","embeddable":true,"href":"https:\/\/detfranskevinhus.com\/sv\/wp-json\/wp\/v2\/product_cat?post=1000000032852"},{"taxonomy":"product_tag","embeddable":true,"href":"https:\/\/detfranskevinhus.com\/sv\/wp-json\/wp\/v2\/product_tag?post=1000000032852"}],"curies":[{"name":"wp","href":"https:\/\/api.w.org\/{rel}","templated":true}]}}