{"id":1000000028405,"date":"2025-01-27T06:33:03","date_gmt":"2025-01-27T05:33:03","guid":{"rendered":"https:\/\/detfranskevinhus.com\/?page_id=1000000028405"},"modified":"2026-02-27T15:30:40","modified_gmt":"2026-02-27T14:30:40","slug":"det-franske-marked-i-nordsjaelland-5-6-september-2026","status":"publish","type":"page","link":"https:\/\/detfranskevinhus.com\/sv\/det-franske-marked-i-nordsjaelland-5-6-september-2026\/","title":{"rendered":"Det Franske Marked i Nordsj\u00e6lland 5-6. september 2026"},"content":{"rendered":"\t\t<div data-elementor-type=\"wp-page\" data-elementor-id=\"1000000028405\" class=\"elementor elementor-1000000028405\" data-elementor-post-type=\"page\">\n\t\t\t\t\t\t<section class=\"elementor-section elementor-top-section elementor-element elementor-element-52e807c elementor-section-boxed elementor-section-height-default elementor-section-height-default\" data-id=\"52e807c\" data-element_type=\"section\" data-e-type=\"section\" data-settings=\"{&quot;background_background&quot;:&quot;classic&quot;,&quot;shape_divider_bottom&quot;:&quot;curve&quot;,&quot;shape_divider_bottom_negative&quot;:&quot;yes&quot;}\">\n\t\t\t\t\t\t\t<div class=\"elementor-background-overlay\"><\/div>\n\t\t\t\t\t\t<div class=\"elementor-shape elementor-shape-bottom\" aria-hidden=\"true\" data-negative=\"true\">\n\t\t\t<svg xmlns=\"http:\/\/www.w3.org\/2000\/svg\" viewBox=\"0 0 1000 100\" preserveAspectRatio=\"none\">\n\t<path class=\"elementor-shape-fill\" d=\"M500,97C126.7,96.3,0.8,19.8,0,0v100l1000,0V1C1000,19.4,873.3,97.8,500,97z\"\/>\n<\/svg>\t\t<\/div>\n\t\t\t\t\t<div class=\"elementor-container elementor-column-gap-default\">\n\t\t\t\t\t<div class=\"elementor-column elementor-col-100 elementor-top-column elementor-element elementor-element-fb3d82f\" data-id=\"fb3d82f\" data-element_type=\"column\" data-e-type=\"column\">\n\t\t\t<div class=\"elementor-widget-wrap elementor-element-populated\">\n\t\t\t\t\t\t<div class=\"elementor-element elementor-element-673eb19 elementor-widget elementor-widget-heading\" data-id=\"673eb19\" data-element_type=\"widget\" data-e-type=\"widget\" data-widget_type=\"heading.default\">\n\t\t\t\t<div class=\"elementor-widget-container\">\n\t\t\t\t\t<h2 class=\"elementor-heading-title elementor-size-default\">Det Franske Marked i Nordsj\u00e6lland den 5-6. september 2026\n<\/h2>\t\t\t\t<\/div>\n\t\t\t\t<\/div>\n\t\t\t\t<div class=\"elementor-element elementor-element-2cc6c76 elementor-widget-divider--view-line_text elementor-widget-divider--element-align-center elementor-widget elementor-widget-divider\" data-id=\"2cc6c76\" data-element_type=\"widget\" data-e-type=\"widget\" data-widget_type=\"divider.default\">\n\t\t\t\t<div class=\"elementor-widget-container\">\n\t\t\t\t\t\t\t<div class=\"elementor-divider\">\n\t\t\t<span class=\"elementor-divider-separator\">\n\t\t\t\t\t\t<\/span>\n\t\t<\/div>\n\t\t\t\t\t\t<\/div>\n\t\t\t\t<\/div>\n\t\t\t\t<div class=\"elementor-element elementor-element-c034b4d elementor-widget elementor-widget-video\" data-id=\"c034b4d\" data-element_type=\"widget\" data-e-type=\"widget\" data-settings=\"{&quot;video_type&quot;:&quot;hosted&quot;,&quot;autoplay&quot;:&quot;yes&quot;,&quot;play_on_mobile&quot;:&quot;yes&quot;,&quot;loop&quot;:&quot;yes&quot;,&quot;controls&quot;:&quot;yes&quot;}\" data-widget_type=\"video.default\">\n\t\t\t\t<div class=\"elementor-widget-container\">\n\t\t\t\t\t\t\t<div class=\"e-hosted-video elementor-wrapper elementor-open-inline\">\n\t\t\t\t\t<video class=\"elementor-video\" src=\"https:\/\/detfranskevinhus.com\/wp-content\/uploads\/2026\/02\/DetFranskeMarked.mp4\" autoplay=\"\" loop=\"\" controls=\"\" playsinline=\"\" controlsList=\"nodownload\"><\/video>\n\t\t\t\t<\/div>\n\t\t\t\t\t\t<\/div>\n\t\t\t\t<\/div>\n\t\t\t\t\t<\/div>\n\t\t<\/div>\n\t\t\t\t\t<\/div>\n\t\t<\/section>\n\t\t\t\t<section class=\"elementor-section elementor-top-section elementor-element elementor-element-59de564 elementor-section-height-min-height elementor-section-boxed elementor-section-height-default elementor-section-items-middle\" data-id=\"59de564\" data-element_type=\"section\" data-e-type=\"section\" data-settings=\"{&quot;background_background&quot;:&quot;classic&quot;}\">\n\t\t\t\t\t\t\t<div class=\"elementor-background-overlay\"><\/div>\n\t\t\t\t\t\t\t<div class=\"elementor-container elementor-column-gap-default\">\n\t\t\t\t\t<div class=\"elementor-column elementor-col-100 elementor-top-column elementor-element elementor-element-6139f93\" data-id=\"6139f93\" data-element_type=\"column\" data-e-type=\"column\">\n\t\t\t<div class=\"elementor-widget-wrap elementor-element-populated\">\n\t\t\t\t\t\t<div class=\"elementor-element elementor-element-55c6e6d elementor-widget elementor-widget-heading\" data-id=\"55c6e6d\" data-element_type=\"widget\" data-e-type=\"widget\" data-widget_type=\"heading.default\">\n\t\t\t\t<div class=\"elementor-widget-container\">\n\t\t\t\t\t<h2 class=\"elementor-heading-title elementor-size-default\">Fransk kultur samlet et sted!<\/h2>\t\t\t\t<\/div>\n\t\t\t\t<\/div>\n\t\t\t\t<div class=\"elementor-element elementor-element-1cbb28b elementor-widget elementor-widget-text-editor\" data-id=\"1cbb28b\" data-element_type=\"widget\" data-e-type=\"widget\" data-widget_type=\"text-editor.default\">\n\t\t\t\t<div class=\"elementor-widget-container\">\n\t\t\t\t\t\t\t\t\t<p>Det Franske Vinhus inviterer dig til Det Franske Marked i Nordsj\u00e6lland den 5. og 6. september 2026 \u2013 to dage, hvor fransk kultur, gastronomi og markedsstemning smelter sammen i hyggelige rammer.<\/p><p data-start=\"1238\" data-end=\"1430\">Markedet gentager succesen fra de seneste \u00e5r, hvor tusindvis af bes\u00f8gende har lagt vejen forbi for at smage, dufte og opleve Frankrig \u2013 samlet p\u00e5 \u00e9t sted.<b>\u00a0\u00a0<\/b>S\u00e6t kryds i kalenderen og kom i god tid, da vi sidste \u00e5r havde +6.000 bes\u00f8gende. Derudover fulgte 4.500 os p\u00e5\u00a0<a href=\"https:\/\/www.facebook.com\/winesoflanguedoc\" target=\"_blank\" rel=\"noopener\">de sociale medier<\/a><strong>.\u00a0<\/strong><\/p><p><strong>EGEG\u00c5RDEN, EN 3-L\u00c6NGET STR\u00c5T\u00c6GT G\u00c5RD I ESPERG\u00c6RDE, 4 KM. SYD FOR HELSING\u00d8R.<\/strong><\/p><p><span style=\"text-decoration: underline;\"><strong>Egeg\u00e5rdsvej 3, 3060 Esperg\u00e6rde, den 5-6. september 2026, kl. 10-16 begge dage.<\/strong><\/span><\/p><p>Du kan gl\u00e6de dig til en levende markedsplads med fokus p\u00e5 fransk livsnydelse: vin og delikatesser, lokale franske produkter og en stemning, der indbyder til at g\u00e5 p\u00e5 opdagelse i dit eget tempo. Undervejs kan du nyde b\u00e5de musik og servering, s\u00e5 du kan blive h\u00e6ngende l\u00e6nge.<\/p><p>Vi samler et bredt udvalg af boder og udstillere, fra smag og h\u00e5ndv\u00e6rk til fransk-inspirerede fund. Og listen af oplevelser opdateres l\u00f8bende.<\/p><h2 data-start=\"2315\" data-end=\"2340\">Vil du v\u00e6re udstiller?<\/h2><p data-start=\"2341\" data-end=\"2542\">Hvis du \u00f8nsker at deltage som udstiller, skal du kontakte os via siden\u00a0<b><a href=\"https:\/\/detfranskevinhus.com\/kontakt\/\" target=\"_blank\" rel=\"noopener\">her<\/a><\/b>.<\/p><h2 data-start=\"2544\" data-end=\"2570\">Program og opdateringer<\/h2><p data-start=\"2571\" data-end=\"2741\">Program og deltagerliste opdateres l\u00f8bende, s\u00e5 du altid kan holde dig orienteret, n\u00e5r der kommer nye indslag og udstillere p\u00e5 plads.<\/p><p>Se ogs\u00e5 den tidligere deltagerliste og stemningsbilleder fra 2025 herunder.<\/p>\t\t\t\t\t\t\t\t<\/div>\n\t\t\t\t<\/div>\n\t\t\t\t<div class=\"elementor-element elementor-element-759b2ba elementor-widget elementor-widget-gallery\" data-id=\"759b2ba\" data-element_type=\"widget\" data-e-type=\"widget\" data-settings=\"{&quot;gallery_layout&quot;:&quot;justified&quot;,&quot;ideal_row_height&quot;:{&quot;unit&quot;:&quot;px&quot;,&quot;size&quot;:245,&quot;sizes&quot;:[]},&quot;gap&quot;:{&quot;unit&quot;:&quot;px&quot;,&quot;size&quot;:0,&quot;sizes&quot;:[]},&quot;lazyload&quot;:&quot;yes&quot;,&quot;ideal_row_height_tablet&quot;:{&quot;unit&quot;:&quot;px&quot;,&quot;size&quot;:150,&quot;sizes&quot;:[]},&quot;ideal_row_height_mobile&quot;:{&quot;unit&quot;:&quot;px&quot;,&quot;size&quot;:150,&quot;sizes&quot;:[]},&quot;gap_tablet&quot;:{&quot;unit&quot;:&quot;px&quot;,&quot;size&quot;:10,&quot;sizes&quot;:[]},&quot;gap_mobile&quot;:{&quot;unit&quot;:&quot;px&quot;,&quot;size&quot;:10,&quot;sizes&quot;:[]},&quot;link_to&quot;:&quot;file&quot;,&quot;overlay_background&quot;:&quot;yes&quot;,&quot;content_hover_animation&quot;:&quot;fade-in&quot;}\" data-widget_type=\"gallery.default\">\n\t\t\t\t<div class=\"elementor-widget-container\">\n\t\t\t\t\t\t\t<div class=\"elementor-gallery__container\">\n\t\t\t\t\t\t\t<a class=\"e-gallery-item elementor-gallery-item elementor-animated-content\" href=\"https:\/\/detfranskevinhus.com\/wp-content\/uploads\/2025\/01\/DSC02119.jpg\" data-elementor-open-lightbox=\"yes\" data-elementor-lightbox-slideshow=\"759b2ba\" data-elementor-lightbox-title=\"DSC02119\" data-e-action-hash=\"#elementor-action%3Aaction%3Dlightbox%26settings%3DeyJpZCI6MTAwMDAwMDAyODQwNiwidXJsIjoiaHR0cHM6XC9cL2RldGZyYW5za2V2aW5odXMuY29tXC93cC1jb250ZW50XC91cGxvYWRzXC8yMDI1XC8wMVwvRFNDMDIxMTkuanBnIiwic2xpZGVzaG93IjoiNzU5YjJiYSJ9\">\n\t\t\t\t\t<div class=\"e-gallery-image elementor-gallery-item__image\" data-thumbnail=\"https:\/\/detfranskevinhus.com\/wp-content\/uploads\/2025\/01\/DSC02119-768x512.jpg\" data-width=\"768\" data-height=\"512\" aria-label=\"\" role=\"img\" ><\/div>\n\t\t\t\t\t\t\t\t\t\t\t<div class=\"elementor-gallery-item__overlay\"><\/div>\n\t\t\t\t\t\t\t\t\t\t\t\t\t\t<\/a>\n\t\t\t\t\t\t\t<a class=\"e-gallery-item elementor-gallery-item elementor-animated-content\" href=\"https:\/\/detfranskevinhus.com\/wp-content\/uploads\/2024\/06\/A1263256-9B43-4254-BE23-DDE15766287E.jpeg\" data-elementor-open-lightbox=\"yes\" data-elementor-lightbox-slideshow=\"759b2ba\" data-elementor-lightbox-title=\"A1263256-9B43-4254-BE23-DDE15766287E\" data-e-action-hash=\"#elementor-action%3Aaction%3Dlightbox%26settings%3DeyJpZCI6MTAwMDAwMDAyNzU1OCwidXJsIjoiaHR0cHM6XC9cL2RldGZyYW5za2V2aW5odXMuY29tXC93cC1jb250ZW50XC91cGxvYWRzXC8yMDI0XC8wNlwvQTEyNjMyNTYtOUI0My00MjU0LUJFMjMtRERFMTU3NjYyODdFLmpwZWciLCJzbGlkZXNob3ciOiI3NTliMmJhIn0%3D\">\n\t\t\t\t\t<div class=\"e-gallery-image elementor-gallery-item__image\" data-thumbnail=\"https:\/\/detfranskevinhus.com\/wp-content\/uploads\/2024\/06\/A1263256-9B43-4254-BE23-DDE15766287E-768x768.jpeg\" data-width=\"768\" data-height=\"768\" aria-label=\"\" role=\"img\" ><\/div>\n\t\t\t\t\t\t\t\t\t\t\t<div class=\"elementor-gallery-item__overlay\"><\/div>\n\t\t\t\t\t\t\t\t\t\t\t\t\t\t<\/a>\n\t\t\t\t\t\t\t<a class=\"e-gallery-item elementor-gallery-item elementor-animated-content\" href=\"https:\/\/detfranskevinhus.com\/wp-content\/uploads\/2024\/06\/6AE1EFC4-E017-43D3-AED2-01AE902FE776.jpeg\" data-elementor-open-lightbox=\"yes\" data-elementor-lightbox-slideshow=\"759b2ba\" data-elementor-lightbox-title=\"6AE1EFC4-E017-43D3-AED2-01AE902FE776\" data-e-action-hash=\"#elementor-action%3Aaction%3Dlightbox%26settings%3DeyJpZCI6MTAwMDAwMDAyNzU3NCwidXJsIjoiaHR0cHM6XC9cL2RldGZyYW5za2V2aW5odXMuY29tXC93cC1jb250ZW50XC91cGxvYWRzXC8yMDI0XC8wNlwvNkFFMUVGQzQtRTAxNy00M0QzLUFFRDItMDFBRTkwMkZFNzc2LmpwZWciLCJzbGlkZXNob3ciOiI3NTliMmJhIn0%3D\">\n\t\t\t\t\t<div class=\"e-gallery-image elementor-gallery-item__image\" data-thumbnail=\"https:\/\/detfranskevinhus.com\/wp-content\/uploads\/2024\/06\/6AE1EFC4-E017-43D3-AED2-01AE902FE776-768x768.jpeg\" data-width=\"768\" data-height=\"768\" aria-label=\"\" role=\"img\" ><\/div>\n\t\t\t\t\t\t\t\t\t\t\t<div class=\"elementor-gallery-item__overlay\"><\/div>\n\t\t\t\t\t\t\t\t\t\t\t\t\t\t<\/a>\n\t\t\t\t\t\t\t<a class=\"e-gallery-item elementor-gallery-item elementor-animated-content\" href=\"https:\/\/detfranskevinhus.com\/wp-content\/uploads\/2026\/01\/IMG_9816.jpg\" data-elementor-open-lightbox=\"yes\" data-elementor-lightbox-slideshow=\"759b2ba\" data-elementor-lightbox-title=\"IMG_9816\" data-e-action-hash=\"#elementor-action%3Aaction%3Dlightbox%26settings%3DeyJpZCI6MTAwMDAwMDAzMTQzNCwidXJsIjoiaHR0cHM6XC9cL2RldGZyYW5za2V2aW5odXMuY29tXC93cC1jb250ZW50XC91cGxvYWRzXC8yMDI2XC8wMVwvSU1HXzk4MTYuanBnIiwic2xpZGVzaG93IjoiNzU5YjJiYSJ9\">\n\t\t\t\t\t<div class=\"e-gallery-image elementor-gallery-item__image\" data-thumbnail=\"https:\/\/detfranskevinhus.com\/wp-content\/uploads\/2026\/01\/IMG_9816-768x1024.jpg\" data-width=\"768\" data-height=\"1024\" aria-label=\"\" role=\"img\" ><\/div>\n\t\t\t\t\t\t\t\t\t\t\t<div class=\"elementor-gallery-item__overlay\"><\/div>\n\t\t\t\t\t\t\t\t\t\t\t\t\t\t<\/a>\n\t\t\t\t\t\t\t<a class=\"e-gallery-item elementor-gallery-item elementor-animated-content\" href=\"https:\/\/detfranskevinhus.com\/wp-content\/uploads\/2026\/01\/IMG_9818.jpg\" data-elementor-open-lightbox=\"yes\" data-elementor-lightbox-slideshow=\"759b2ba\" data-elementor-lightbox-title=\"IMG_9818\" data-e-action-hash=\"#elementor-action%3Aaction%3Dlightbox%26settings%3DeyJpZCI6MTAwMDAwMDAzMTQzNSwidXJsIjoiaHR0cHM6XC9cL2RldGZyYW5za2V2aW5odXMuY29tXC93cC1jb250ZW50XC91cGxvYWRzXC8yMDI2XC8wMVwvSU1HXzk4MTguanBnIiwic2xpZGVzaG93IjoiNzU5YjJiYSJ9\">\n\t\t\t\t\t<div class=\"e-gallery-image elementor-gallery-item__image\" data-thumbnail=\"https:\/\/detfranskevinhus.com\/wp-content\/uploads\/2026\/01\/IMG_9818-768x1024.jpg\" data-width=\"768\" data-height=\"1024\" aria-label=\"\" role=\"img\" ><\/div>\n\t\t\t\t\t\t\t\t\t\t\t<div class=\"elementor-gallery-item__overlay\"><\/div>\n\t\t\t\t\t\t\t\t\t\t\t\t\t\t<\/a>\n\t\t\t\t\t\t\t<a class=\"e-gallery-item elementor-gallery-item elementor-animated-content\" href=\"https:\/\/detfranskevinhus.com\/wp-content\/uploads\/2026\/01\/IMG_9821.jpg\" data-elementor-open-lightbox=\"yes\" data-elementor-lightbox-slideshow=\"759b2ba\" data-elementor-lightbox-title=\"IMG_9821\" data-e-action-hash=\"#elementor-action%3Aaction%3Dlightbox%26settings%3DeyJpZCI6MTAwMDAwMDAzMTQzNiwidXJsIjoiaHR0cHM6XC9cL2RldGZyYW5za2V2aW5odXMuY29tXC93cC1jb250ZW50XC91cGxvYWRzXC8yMDI2XC8wMVwvSU1HXzk4MjEuanBnIiwic2xpZGVzaG93IjoiNzU5YjJiYSJ9\">\n\t\t\t\t\t<div class=\"e-gallery-image elementor-gallery-item__image\" data-thumbnail=\"https:\/\/detfranskevinhus.com\/wp-content\/uploads\/2026\/01\/IMG_9821-768x576.jpg\" data-width=\"768\" data-height=\"576\" aria-label=\"\" role=\"img\" ><\/div>\n\t\t\t\t\t\t\t\t\t\t\t<div class=\"elementor-gallery-item__overlay\"><\/div>\n\t\t\t\t\t\t\t\t\t\t\t\t\t\t<\/a>\n\t\t\t\t\t<\/div>\n\t\t\t\t\t<\/div>\n\t\t\t\t<\/div>\n\t\t\t\t\t<\/div>\n\t\t<\/div>\n\t\t\t\t\t<\/div>\n\t\t<\/section>\n\t\t\t\t<section class=\"elementor-section elementor-top-section elementor-element elementor-element-d1b7542 elementor-section-height-min-height elementor-section-boxed elementor-section-height-default elementor-section-items-middle\" data-id=\"d1b7542\" data-element_type=\"section\" data-e-type=\"section\" data-settings=\"{&quot;background_background&quot;:&quot;classic&quot;}\">\n\t\t\t\t\t\t\t<div class=\"elementor-background-overlay\"><\/div>\n\t\t\t\t\t\t\t<div class=\"elementor-container elementor-column-gap-default\">\n\t\t\t\t\t<div class=\"elementor-column elementor-col-100 elementor-top-column elementor-element elementor-element-32201fa\" data-id=\"32201fa\" data-element_type=\"column\" data-e-type=\"column\">\n\t\t\t<div class=\"elementor-widget-wrap elementor-element-populated\">\n\t\t\t\t\t\t<div class=\"elementor-element elementor-element-928ce2e elementor-widget elementor-widget-heading\" data-id=\"928ce2e\" data-element_type=\"widget\" data-e-type=\"widget\" data-widget_type=\"heading.default\">\n\t\t\t\t<div class=\"elementor-widget-container\">\n\t\t\t\t\t<h2 class=\"elementor-heading-title elementor-size-default\">Det Franske Marked i Nordsj\u00e6lland \u00e5r 2024 og 2025 var en stor succes.<br>Tak til alle udstillerne,  g\u00e6ster og medier der d\u00e6kkede begivenheden. <br>Nu er vi klar til 2026 - den 5-6. september. Program f\u00f8lger snarest. <br>Vi gl\u00e6der os til igen at byde velkommen til alle bes\u00f8gende fra begge sider af sundet.<\/h2>\t\t\t\t<\/div>\n\t\t\t\t<\/div>\n\t\t\t\t\t<\/div>\n\t\t<\/div>\n\t\t\t\t\t<\/div>\n\t\t<\/section>\n\t\t\t\t<section class=\"elementor-section elementor-top-section elementor-element elementor-element-8fceb72 elementor-section-boxed elementor-section-height-default elementor-section-height-default\" data-id=\"8fceb72\" data-element_type=\"section\" data-e-type=\"section\">\n\t\t\t\t\t\t<div class=\"elementor-container elementor-column-gap-default\">\n\t\t\t\t\t<div class=\"elementor-column elementor-col-100 elementor-top-column elementor-element elementor-element-74e7543\" data-id=\"74e7543\" data-element_type=\"column\" data-e-type=\"column\">\n\t\t\t<div class=\"elementor-widget-wrap elementor-element-populated\">\n\t\t\t\t\t\t<div class=\"elementor-element elementor-element-a0a8350 elementor-widget elementor-widget-heading\" data-id=\"a0a8350\" data-element_type=\"widget\" data-e-type=\"widget\" data-widget_type=\"heading.default\">\n\t\t\t\t<div class=\"elementor-widget-container\">\n\t\t\t\t\t<h2 class=\"elementor-heading-title elementor-size-default\">Udstillere \/ Boder 2025<\/h2>\t\t\t\t<\/div>\n\t\t\t\t<\/div>\n\t\t\t\t\t<\/div>\n\t\t<\/div>\n\t\t\t\t\t<\/div>\n\t\t<\/section>\n\t\t\t\t<section class=\"elementor-section elementor-top-section elementor-element elementor-element-a5549d1 elementor-section-boxed elementor-section-height-default elementor-section-height-default\" data-id=\"a5549d1\" data-element_type=\"section\" data-e-type=\"section\">\n\t\t\t\t\t\t<div class=\"elementor-container elementor-column-gap-default\">\n\t\t\t\t\t<div class=\"elementor-column elementor-col-100 elementor-top-column elementor-element elementor-element-7b5f6b6\" data-id=\"7b5f6b6\" data-element_type=\"column\" data-e-type=\"column\">\n\t\t\t<div class=\"elementor-widget-wrap elementor-element-populated\">\n\t\t\t\t\t\t<section class=\"elementor-section elementor-inner-section elementor-element elementor-element-682a2d0 elementor-section-boxed elementor-section-height-default elementor-section-height-default\" data-id=\"682a2d0\" data-element_type=\"section\" data-e-type=\"section\">\n\t\t\t\t\t\t<div class=\"elementor-container elementor-column-gap-default\">\n\t\t\t\t\t<div class=\"elementor-column elementor-col-50 elementor-inner-column elementor-element elementor-element-231f3c0\" data-id=\"231f3c0\" data-element_type=\"column\" data-e-type=\"column\">\n\t\t\t<div class=\"elementor-widget-wrap elementor-element-populated\">\n\t\t\t\t\t\t<div class=\"elementor-element elementor-element-37093c7 elementor-widget elementor-widget-text-editor\" data-id=\"37093c7\" data-element_type=\"widget\" data-e-type=\"widget\" data-widget_type=\"text-editor.default\">\n\t\t\t\t<div class=\"elementor-widget-container\">\n\t\t\t\t\t\t\t\t\t<p>Franske oste, Fransk vin, Fransk Charcuteri, Fransk konditori, Fransk Musik, Fransk kunst, Fransk K\u00f8kkengrej, Franske Delikatesser, Champagnebar, (\u00d8stersbar), Fransk K\u00f8kkengrej, Fransk Brugskunst, Franske plakater, skilte og retro nips. Fransk Spiritus, Fransk t\u00f8j, kjoler, Franske s\u00e6ber, blomster, kaffe,&nbsp; Crepes, Frugt &amp; Gr\u00f8nt, lodder, rejser, sandwich, kaffe, te, og drikkevarer, franske lemonader, slik, is og gode s\u00f8de sager, kurve &#8211; og tasker, M\u00f8bler, interi\u00f8r, dekorationer, maling, tapet. og meget meget mere&#8230;..<\/p>\n<p><br><\/p>\n<p><br><\/p>\t\t\t\t\t\t\t\t<\/div>\n\t\t\t\t<\/div>\n\t\t\t\t\t<\/div>\n\t\t<\/div>\n\t\t\t\t<div class=\"elementor-column elementor-col-50 elementor-inner-column elementor-element elementor-element-0b431d3\" data-id=\"0b431d3\" data-element_type=\"column\" data-e-type=\"column\">\n\t\t\t<div class=\"elementor-widget-wrap elementor-element-populated\">\n\t\t\t\t\t\t<div class=\"elementor-element elementor-element-38e1a41 elementor-widget elementor-widget-text-editor\" data-id=\"38e1a41\" data-element_type=\"widget\" data-e-type=\"widget\" data-widget_type=\"text-editor.default\">\n\t\t\t\t<div class=\"elementor-widget-container\">\n\t\t\t\t\t\t\t\t\t<p>Begge dage har vi underholdning og servering. Vin, mikrobryggeri Gurre Bryghus, Graab\u00e6ks Kagehus og uds\u00f8gte is fra Divinos Is-cykel. Provence grillp\u00f8lser, baguette med fyld fra Slagter Baag\u00f8.\u00a0<span style=\"font-size: 16px;\">Lokale franskm\u00e6nd serverer franske delikatesser &#8211; Saveurs de France og Gastronomer.\u00a0<\/span><span style=\"font-size: 16px;\">Smukke og charmerende fund fra Fletvejen, Barustic, Emmers og mange mange flere.<\/span><\/p><p>L\u00f8rdag\/s\u00f8ndag den 6-7. september 2025, kl. 10-16<\/p><p>Listen opdateres l\u00f8bende, men her er vores forel\u00f8bige udstillere:<\/p><p>\ud83e\uddfa Fletvejen &#8211; Smukke flettede kurve og tasker &#8211; med r\u00f8dder tilbage til Montpellier i Sydfrankrig.<\/p><p>\ud83c\udf73 Emmers &#8211; Sk\u00f8nt fransk K\u00f8kkengrej<\/p><p>\ud83c\uddeb\ud83c\uddf7 Tibberup H\u00f8keren &#8211; Den ikoniske forretning med franske s\u00e6ber, unikke fransk inspireret varer som t\u00f8j, sko, b\u00f8rster, barbergrej, maling, d\u00f8rgreb mv.<\/p><p>\ud83c\udf3f Pileflet &#8211; Ida Marie Mundt viser sine f\u00e6rdigheder i pileflet, og laver workshops demo til inspiration<\/p><p>\ud83c\udf70 Gr\u00e5b\u00e6ks Kagehus &#8211; Kager og bagv\u00e6rk i h\u00f8j og l\u00e6kker kvalitet<\/p><p>\ud83c\udfb6 Retro &amp; Vinyl &#8211; fransk nips, lop, magasiner, plader, skilte, franske plakater og meget mere<\/p><p>\ud83e\udd69 Slagter Baag\u00f8 &#8211; Kommer med det kendte charcuterie, Bayonne-skinke fra Pyren\u00e6erne mv.<\/p><p>\ud83c\udffa Malrosa Brocante &#8211; Sophie og familien rejser rundt p\u00e5 markeder i Frankrig finder smukke ting, alt fra glas og porcel\u00e6n, retro varer mv.<\/p><p>\ud83c\udfa8 Marianne Scheel &#8211; Essentielt smukke h\u00e5ndlavede illustrationer af blomster, gr\u00f8ntsager mv. i mange st\u00f8rrelser<\/p><p>\ud83d\uddbc Nene von B &#8211; kommer med sine n\u00e6rv\u00e6rende og farverige malerier fra Hornb\u00e6k &#8211; hvor lyset er unikt og tiden st\u00e5r stille<\/p><p>\ud83c\udf0f Barustic &#8211; Absolut sk\u00f8nneste farverige udvalg af stoffer og kunst, fra den Franske kolonimagts dage i Syd\u00f8stasien<\/p><p>\u2615\ufe0f Kaffedr\u00f8mmeren &#8211; S\u00f8rger for at du har sublim kaffe i koppen<\/p><p>\ud83c\udf6c Mandelvognen &#8211; Serverer og s\u00e6lger l\u00e6kre br\u00e6ndte mandler fra den store franske gryde<\/p><p>\ud83c\udf77 Det Franske Vinhus &#8211; Signe og Paul s\u00e6lger vin og delikatesser og udsk\u00e6nker vin<\/p><p>\ud83c\udf7a Gurre Bryghus &#8211; \u00f8l brygget p\u00e5 passion, lokalt h\u00e5ndv\u00e6rk og gode r\u00e5varer<\/p><p>\ud83e\ude91 Loppestalden- charmerende udvalg af vintagefund, franske loppeperler og nostalgiske detaljer til hjemmet<\/p><p>\ud83d\udd6f La Camelot &#8211; fransk livsstil, som du kender den fra sm\u00e5 markeder og hyggelige hjem i Provence<\/p><p>\ud83c\uddeb\ud83c\uddf7 Saveurs de France &#8211; bringer den autentiske smag af Frankrig til Esperg\u00e6rde med et udvalg af delikatesser og l\u00e6kkerier<\/p><p>\ud83e\uddc0 Gastronomer &#8211; hos Gastronomer kan du smage et udvalg af de bedste franske oste, h\u00e5ndplukkede fra lokale g\u00e5rde<\/p><p>\ud83c\udf66Artistico &#8211; Den italienske isbil. Ja, den er italiensk \u2014 men s\u00e5 god, at vi b\u00f8jer os i st\u00f8vet.<\/p><p>\ud83c\uddeb\ud83c\uddf7\ud83d\ude97 Vi har dedikeret 10 pladser til smukke franske veteranbiler. Kom og nyd charmen.<\/p><p>Musik og franske toner fra Buzor (L\u00f8rdag) og Anja (S\u00f8ndag)..<\/p><p>Listen opdateres l\u00f8bende..<\/p>\t\t\t\t\t\t\t\t<\/div>\n\t\t\t\t<\/div>\n\t\t\t\t\t<\/div>\n\t\t<\/div>\n\t\t\t\t\t<\/div>\n\t\t<\/section>\n\t\t\t\t\t<\/div>\n\t\t<\/div>\n\t\t\t\t\t<\/div>\n\t\t<\/section>\n\t\t\t\t<section class=\"elementor-section elementor-top-section elementor-element elementor-element-6f230f5 elementor-section-boxed elementor-section-height-default elementor-section-height-default\" data-id=\"6f230f5\" data-element_type=\"section\" data-e-type=\"section\">\n\t\t\t\t\t\t<div class=\"elementor-container elementor-column-gap-default\">\n\t\t\t\t\t<div class=\"elementor-column elementor-col-100 elementor-top-column elementor-element elementor-element-55a538b\" data-id=\"55a538b\" data-element_type=\"column\" data-e-type=\"column\">\n\t\t\t<div class=\"elementor-widget-wrap elementor-element-populated\">\n\t\t\t\t\t\t<div class=\"elementor-element elementor-element-e358e41 elementor-widget elementor-widget-image\" data-id=\"e358e41\" data-element_type=\"widget\" data-e-type=\"widget\" data-widget_type=\"image.default\">\n\t\t\t\t<div class=\"elementor-widget-container\">\n\t\t\t\t\t\t\t\t\t\t\t\t\t\t\t<img fetchpriority=\"high\" decoding=\"async\" width=\"1024\" height=\"576\" src=\"https:\/\/detfranskevinhus.com\/wp-content\/uploads\/2025\/08\/534724844_1360183009441865_6583500768701910615_n-1024x576.jpg\" class=\"attachment-large size-large wp-image-1000000029591\" alt=\"\" srcset=\"https:\/\/detfranskevinhus.com\/wp-content\/uploads\/2025\/08\/534724844_1360183009441865_6583500768701910615_n-1024x576.jpg 1024w, https:\/\/detfranskevinhus.com\/wp-content\/uploads\/2025\/08\/534724844_1360183009441865_6583500768701910615_n-600x338.jpg 600w, https:\/\/detfranskevinhus.com\/wp-content\/uploads\/2025\/08\/534724844_1360183009441865_6583500768701910615_n-300x169.jpg 300w, https:\/\/detfranskevinhus.com\/wp-content\/uploads\/2025\/08\/534724844_1360183009441865_6583500768701910615_n-768x432.jpg 768w, https:\/\/detfranskevinhus.com\/wp-content\/uploads\/2025\/08\/534724844_1360183009441865_6583500768701910615_n-1536x864.jpg 1536w, https:\/\/detfranskevinhus.com\/wp-content\/uploads\/2025\/08\/534724844_1360183009441865_6583500768701910615_n.jpg 1920w\" sizes=\"(max-width: 1024px) 100vw, 1024px\" \/>\t\t\t\t\t\t\t\t\t\t\t\t\t\t\t<\/div>\n\t\t\t\t<\/div>\n\t\t\t\t\t<\/div>\n\t\t<\/div>\n\t\t\t\t\t<\/div>\n\t\t<\/section>\n\t\t\t\t<section class=\"elementor-section elementor-top-section elementor-element elementor-element-95682a0 elementor-section-boxed elementor-section-height-default elementor-section-height-default\" data-id=\"95682a0\" data-element_type=\"section\" data-e-type=\"section\">\n\t\t\t\t\t\t<div class=\"elementor-container elementor-column-gap-default\">\n\t\t\t\t\t<div class=\"elementor-column elementor-col-100 elementor-top-column elementor-element elementor-element-e4fead2\" data-id=\"e4fead2\" data-element_type=\"column\" data-e-type=\"column\">\n\t\t\t<div class=\"elementor-widget-wrap elementor-element-populated\">\n\t\t\t\t\t\t<div class=\"elementor-element elementor-element-7571541 elementor-widget elementor-widget-gallery\" data-id=\"7571541\" data-element_type=\"widget\" data-e-type=\"widget\" data-settings=\"{&quot;lazyload&quot;:&quot;yes&quot;,&quot;gallery_layout&quot;:&quot;grid&quot;,&quot;columns&quot;:4,&quot;columns_tablet&quot;:2,&quot;columns_mobile&quot;:1,&quot;gap&quot;:{&quot;unit&quot;:&quot;px&quot;,&quot;size&quot;:10,&quot;sizes&quot;:[]},&quot;gap_tablet&quot;:{&quot;unit&quot;:&quot;px&quot;,&quot;size&quot;:10,&quot;sizes&quot;:[]},&quot;gap_mobile&quot;:{&quot;unit&quot;:&quot;px&quot;,&quot;size&quot;:10,&quot;sizes&quot;:[]},&quot;link_to&quot;:&quot;file&quot;,&quot;aspect_ratio&quot;:&quot;3:2&quot;,&quot;overlay_background&quot;:&quot;yes&quot;,&quot;content_hover_animation&quot;:&quot;fade-in&quot;}\" data-widget_type=\"gallery.default\">\n\t\t\t\t<div class=\"elementor-widget-container\">\n\t\t\t\t\t\t\t<div class=\"elementor-gallery__container\">\n\t\t\t\t\t\t\t<a class=\"e-gallery-item elementor-gallery-item elementor-animated-content\" href=\"https:\/\/detfranskevinhus.com\/wp-content\/uploads\/2025\/01\/DSC01991.jpg\" data-elementor-open-lightbox=\"yes\" data-elementor-lightbox-slideshow=\"7571541\" data-elementor-lightbox-title=\"DSC01991\" data-e-action-hash=\"#elementor-action%3Aaction%3Dlightbox%26settings%3DeyJpZCI6MTAwMDAwMDAyODQzOSwidXJsIjoiaHR0cHM6XC9cL2RldGZyYW5za2V2aW5odXMuY29tXC93cC1jb250ZW50XC91cGxvYWRzXC8yMDI1XC8wMVwvRFNDMDE5OTEuanBnIiwic2xpZGVzaG93IjoiNzU3MTU0MSJ9\">\n\t\t\t\t\t<div class=\"e-gallery-image elementor-gallery-item__image\" data-thumbnail=\"https:\/\/detfranskevinhus.com\/wp-content\/uploads\/2025\/01\/DSC01991-300x200.jpg\" data-width=\"300\" data-height=\"200\" aria-label=\"\" role=\"img\" ><\/div>\n\t\t\t\t\t\t\t\t\t\t\t<div class=\"elementor-gallery-item__overlay\"><\/div>\n\t\t\t\t\t\t\t\t\t\t\t\t\t\t<\/a>\n\t\t\t\t\t\t\t<a class=\"e-gallery-item elementor-gallery-item elementor-animated-content\" href=\"https:\/\/detfranskevinhus.com\/wp-content\/uploads\/2025\/01\/DSC02029.jpg\" data-elementor-open-lightbox=\"yes\" data-elementor-lightbox-slideshow=\"7571541\" data-elementor-lightbox-title=\"DSC02029\" data-e-action-hash=\"#elementor-action%3Aaction%3Dlightbox%26settings%3DeyJpZCI6MTAwMDAwMDAyODQ0MywidXJsIjoiaHR0cHM6XC9cL2RldGZyYW5za2V2aW5odXMuY29tXC93cC1jb250ZW50XC91cGxvYWRzXC8yMDI1XC8wMVwvRFNDMDIwMjkuanBnIiwic2xpZGVzaG93IjoiNzU3MTU0MSJ9\">\n\t\t\t\t\t<div class=\"e-gallery-image elementor-gallery-item__image\" data-thumbnail=\"https:\/\/detfranskevinhus.com\/wp-content\/uploads\/2025\/01\/DSC02029-200x300.jpg\" data-width=\"200\" data-height=\"300\" aria-label=\"\" role=\"img\" ><\/div>\n\t\t\t\t\t\t\t\t\t\t\t<div class=\"elementor-gallery-item__overlay\"><\/div>\n\t\t\t\t\t\t\t\t\t\t\t\t\t\t<\/a>\n\t\t\t\t\t\t\t<a class=\"e-gallery-item elementor-gallery-item elementor-animated-content\" href=\"https:\/\/detfranskevinhus.com\/wp-content\/uploads\/2025\/01\/DSC02044.jpg\" data-elementor-open-lightbox=\"yes\" data-elementor-lightbox-slideshow=\"7571541\" data-elementor-lightbox-title=\"DSC02044\" data-e-action-hash=\"#elementor-action%3Aaction%3Dlightbox%26settings%3DeyJpZCI6MTAwMDAwMDAyODQ0NywidXJsIjoiaHR0cHM6XC9cL2RldGZyYW5za2V2aW5odXMuY29tXC93cC1jb250ZW50XC91cGxvYWRzXC8yMDI1XC8wMVwvRFNDMDIwNDQuanBnIiwic2xpZGVzaG93IjoiNzU3MTU0MSJ9\">\n\t\t\t\t\t<div class=\"e-gallery-image elementor-gallery-item__image\" data-thumbnail=\"https:\/\/detfranskevinhus.com\/wp-content\/uploads\/2025\/01\/DSC02044-300x200.jpg\" data-width=\"300\" data-height=\"200\" aria-label=\"\" role=\"img\" ><\/div>\n\t\t\t\t\t\t\t\t\t\t\t<div class=\"elementor-gallery-item__overlay\"><\/div>\n\t\t\t\t\t\t\t\t\t\t\t\t\t\t<\/a>\n\t\t\t\t\t\t\t<a class=\"e-gallery-item elementor-gallery-item elementor-animated-content\" href=\"https:\/\/detfranskevinhus.com\/wp-content\/uploads\/2025\/01\/DSC02129.jpg\" data-elementor-open-lightbox=\"yes\" data-elementor-lightbox-slideshow=\"7571541\" data-elementor-lightbox-title=\"DSC02129\" data-e-action-hash=\"#elementor-action%3Aaction%3Dlightbox%26settings%3DeyJpZCI6MTAwMDAwMDAyODQ1MSwidXJsIjoiaHR0cHM6XC9cL2RldGZyYW5za2V2aW5odXMuY29tXC93cC1jb250ZW50XC91cGxvYWRzXC8yMDI1XC8wMVwvRFNDMDIxMjkuanBnIiwic2xpZGVzaG93IjoiNzU3MTU0MSJ9\">\n\t\t\t\t\t<div class=\"e-gallery-image elementor-gallery-item__image\" data-thumbnail=\"https:\/\/detfranskevinhus.com\/wp-content\/uploads\/2025\/01\/DSC02129-300x200.jpg\" data-width=\"300\" data-height=\"200\" aria-label=\"\" role=\"img\" ><\/div>\n\t\t\t\t\t\t\t\t\t\t\t<div class=\"elementor-gallery-item__overlay\"><\/div>\n\t\t\t\t\t\t\t\t\t\t\t\t\t\t<\/a>\n\t\t\t\t\t<\/div>\n\t\t\t\t\t<\/div>\n\t\t\t\t<\/div>\n\t\t\t\t\t<\/div>\n\t\t<\/div>\n\t\t\t\t\t<\/div>\n\t\t<\/section>\n\t\t\t\t<\/div>\n\t\t","protected":false},"excerpt":{"rendered":"<p>Det Franske Marked i Nordsj\u00e6lland den 5-6. september 2026 https:\/\/detfranskevinhus.com\/wp-content\/uploads\/2026\/02\/DetFranskeMarked.mp4 Fransk kultur samlet et sted! Det Franske Vinhus inviterer dig til Det Franske Marked i Nordsj\u00e6lland den 5. og 6. september 2026 \u2013 to dage, hvor fransk kultur, gastronomi og markedsstemning smelter sammen i hyggelige rammer. Markedet gentager succesen fra de seneste \u00e5r, hvor tusindvis [&hellip;]<\/p>\n","protected":false},"author":1,"featured_media":0,"parent":0,"menu_order":0,"comment_status":"closed","ping_status":"closed","template":"","meta":{"_acf_changed":false,"site-sidebar-layout":"no-sidebar","site-content-layout":"page-builder","ast-site-content-layout":"full-width-container","site-content-style":"unboxed","site-sidebar-style":"unboxed","ast-global-header-display":"","ast-banner-title-visibility":"","ast-main-header-display":"","ast-hfb-above-header-display":"","ast-hfb-below-header-display":"","ast-hfb-mobile-header-display":"","site-post-title":"disabled","ast-breadcrumbs-content":"","ast-featured-img":"disabled","footer-sml-layout":"","ast-disable-related-posts":"","theme-transparent-header-meta":"","adv-header-id-meta":"","stick-header-meta":"","header-above-stick-meta":"","header-main-stick-meta":"","header-below-stick-meta":"","astra-migrate-meta-layouts":"set","ast-page-background-enabled":"default","ast-page-background-meta":{"desktop":{"background-color":"","background-image":"","background-repeat":"repeat","background-position":"center center","background-size":"auto","background-attachment":"scroll","background-type":"","background-media":"","overlay-type":"","overlay-color":"","overlay-opacity":"","overlay-gradient":""},"tablet":{"background-color":"","background-image":"","background-repeat":"repeat","background-position":"center center","background-size":"auto","background-attachment":"scroll","background-type":"","background-media":"","overlay-type":"","overlay-color":"","overlay-opacity":"","overlay-gradient":""},"mobile":{"background-color":"","background-image":"","background-repeat":"repeat","background-position":"center center","background-size":"auto","background-attachment":"scroll","background-type":"","background-media":"","overlay-type":"","overlay-color":"","overlay-opacity":"","overlay-gradient":""}},"ast-content-background-meta":{"desktop":{"background-color":"var(--ast-global-color-5)","background-image":"","background-repeat":"repeat","background-position":"center center","background-size":"auto","background-attachment":"scroll","background-type":"","background-media":"","overlay-type":"","overlay-color":"","overlay-opacity":"","overlay-gradient":""},"tablet":{"background-color":"var(--ast-global-color-5)","background-image":"","background-repeat":"repeat","background-position":"center center","background-size":"auto","background-attachment":"scroll","background-type":"","background-media":"","overlay-type":"","overlay-color":"","overlay-opacity":"","overlay-gradient":""},"mobile":{"background-color":"var(--ast-global-color-5)","background-image":"","background-repeat":"repeat","background-position":"center center","background-size":"auto","background-attachment":"scroll","background-type":"","background-media":"","overlay-type":"","overlay-color":"","overlay-opacity":"","overlay-gradient":""}},"footnotes":""},"class_list":["post-1000000028405","page","type-page","status-publish","hentry"],"acf":[],"yoast_head":"<!-- This site is optimized with the Yoast SEO plugin v27.4 - https:\/\/yoast.com\/product\/yoast-seo-wordpress\/ -->\n<title>Det Franske Marked i Nordsj\u00e6lland 5.\u20136. september 2026<\/title>\n<meta name=\"description\" content=\"Oplev fransk stemning, gastronomi, lokale franske produkter og musik p\u00e5 Det Franske Marked i Nordsj\u00e6lland 5.\u20136. september 2026. Se info her.\" \/>\n<meta name=\"robots\" content=\"index, follow, max-snippet:-1, max-image-preview:large, max-video-preview:-1\" \/>\n<link rel=\"canonical\" href=\"https:\/\/detfranskevinhus.com\/sv\/det-franske-marked-i-nordsjaelland-5-6-september-2026\/\" \/>\n<meta property=\"og:locale\" content=\"sv_SE\" \/>\n<meta property=\"og:type\" content=\"article\" \/>\n<meta property=\"og:title\" content=\"Det Franske Marked i Nordsj\u00e6lland \u2013 5.\u20136. september 2026\" \/>\n<meta property=\"og:description\" content=\"Kom og oplev \u00e6gte fransk kultur: vin, delikatesser, markedsstemning og musik. Kig forbi 5.\u20136. september 2026 kl. 10\u201316 i Esperg\u00e6rde\" \/>\n<meta property=\"og:url\" content=\"https:\/\/detfranskevinhus.com\/sv\/det-franske-marked-i-nordsjaelland-5-6-september-2026\/\" \/>\n<meta property=\"og:site_name\" content=\"Det Franske Vinhus\" \/>\n<meta property=\"article:modified_time\" content=\"2026-02-27T14:30:40+00:00\" \/>\n<meta property=\"og:image\" content=\"https:\/\/detfranskevinhus.com\/wp-content\/uploads\/2026\/01\/IMG_9821.jpg\" \/>\n\t<meta property=\"og:image:width\" content=\"1920\" \/>\n\t<meta property=\"og:image:height\" content=\"1440\" \/>\n\t<meta property=\"og:image:type\" content=\"image\/jpeg\" \/>\n<meta name=\"twitter:card\" content=\"summary_large_image\" \/>\n<meta name=\"twitter:label1\" content=\"Ber\u00e4knad l\u00e4stid\" \/>\n\t<meta name=\"twitter:data1\" content=\"5 minuter\" \/>\n<script type=\"application\/ld+json\" class=\"yoast-schema-graph\">{\"@context\":\"https:\\\/\\\/schema.org\",\"@graph\":[{\"@type\":\"WebPage\",\"@id\":\"https:\\\/\\\/detfranskevinhus.com\\\/sv\\\/det-franske-marked-i-nordsjaelland-5-6-september-2026\\\/\",\"url\":\"https:\\\/\\\/detfranskevinhus.com\\\/sv\\\/det-franske-marked-i-nordsjaelland-5-6-september-2026\\\/\",\"name\":\"Det Franske Marked i Nordsj\u00e6lland 5.\u20136. september 2026\",\"isPartOf\":{\"@id\":\"https:\\\/\\\/detfranskevinhus.com\\\/sv\\\/#website\"},\"primaryImageOfPage\":{\"@id\":\"https:\\\/\\\/detfranskevinhus.com\\\/sv\\\/det-franske-marked-i-nordsjaelland-5-6-september-2026\\\/#primaryimage\"},\"image\":{\"@id\":\"https:\\\/\\\/detfranskevinhus.com\\\/sv\\\/det-franske-marked-i-nordsjaelland-5-6-september-2026\\\/#primaryimage\"},\"thumbnailUrl\":\"https:\\\/\\\/detfranskevinhus.com\\\/wp-content\\\/uploads\\\/2025\\\/08\\\/534724844_1360183009441865_6583500768701910615_n-1024x576.jpg\",\"datePublished\":\"2025-01-27T05:33:03+00:00\",\"dateModified\":\"2026-02-27T14:30:40+00:00\",\"description\":\"Oplev fransk stemning, gastronomi, lokale franske produkter og musik p\u00e5 Det Franske Marked i Nordsj\u00e6lland 5.\u20136. september 2026. Se info her.\",\"inLanguage\":\"sv-SE\",\"potentialAction\":[{\"@type\":\"ReadAction\",\"target\":[\"https:\\\/\\\/detfranskevinhus.com\\\/sv\\\/det-franske-marked-i-nordsjaelland-5-6-september-2026\\\/\"]}]},{\"@type\":\"ImageObject\",\"inLanguage\":\"sv-SE\",\"@id\":\"https:\\\/\\\/detfranskevinhus.com\\\/sv\\\/det-franske-marked-i-nordsjaelland-5-6-september-2026\\\/#primaryimage\",\"url\":\"https:\\\/\\\/detfranskevinhus.com\\\/wp-content\\\/uploads\\\/2025\\\/08\\\/534724844_1360183009441865_6583500768701910615_n-1024x576.jpg\",\"contentUrl\":\"https:\\\/\\\/detfranskevinhus.com\\\/wp-content\\\/uploads\\\/2025\\\/08\\\/534724844_1360183009441865_6583500768701910615_n-1024x576.jpg\"},{\"@type\":\"WebSite\",\"@id\":\"https:\\\/\\\/detfranskevinhus.com\\\/sv\\\/#website\",\"url\":\"https:\\\/\\\/detfranskevinhus.com\\\/sv\\\/\",\"name\":\"Det Franske Vinhus\",\"description\":\"\",\"publisher\":{\"@id\":\"https:\\\/\\\/detfranskevinhus.com\\\/sv\\\/#organization\"},\"potentialAction\":[{\"@type\":\"SearchAction\",\"target\":{\"@type\":\"EntryPoint\",\"urlTemplate\":\"https:\\\/\\\/detfranskevinhus.com\\\/sv\\\/?s={search_term_string}\"},\"query-input\":{\"@type\":\"PropertyValueSpecification\",\"valueRequired\":true,\"valueName\":\"search_term_string\"}}],\"inLanguage\":\"sv-SE\"},{\"@type\":\"Organization\",\"@id\":\"https:\\\/\\\/detfranskevinhus.com\\\/sv\\\/#organization\",\"name\":\"Det Franske Vinhus\",\"url\":\"https:\\\/\\\/detfranskevinhus.com\\\/sv\\\/\",\"logo\":{\"@type\":\"ImageObject\",\"inLanguage\":\"sv-SE\",\"@id\":\"https:\\\/\\\/detfranskevinhus.com\\\/sv\\\/#\\\/schema\\\/logo\\\/image\\\/\",\"url\":\"https:\\\/\\\/detfranskevinhus.com\\\/wp-content\\\/uploads\\\/2023\\\/07\\\/01_DFV_Logo_www_01-02-copy.jpg\",\"contentUrl\":\"https:\\\/\\\/detfranskevinhus.com\\\/wp-content\\\/uploads\\\/2023\\\/07\\\/01_DFV_Logo_www_01-02-copy.jpg\",\"width\":992,\"height\":482,\"caption\":\"Det Franske Vinhus\"},\"image\":{\"@id\":\"https:\\\/\\\/detfranskevinhus.com\\\/sv\\\/#\\\/schema\\\/logo\\\/image\\\/\"}}]}<\/script>\n<!-- \/ Yoast SEO plugin. -->","yoast_head_json":{"title":"Det Franske Marked i Nordsj\u00e6lland 5.\u20136. september 2026","description":"Oplev fransk stemning, gastronomi, lokale franske produkter og musik p\u00e5 Det Franske Marked i Nordsj\u00e6lland 5.\u20136. september 2026. Se info her.","robots":{"index":"index","follow":"follow","max-snippet":"max-snippet:-1","max-image-preview":"max-image-preview:large","max-video-preview":"max-video-preview:-1"},"canonical":"https:\/\/detfranskevinhus.com\/sv\/det-franske-marked-i-nordsjaelland-5-6-september-2026\/","og_locale":"sv_SE","og_type":"article","og_title":"Det Franske Marked i Nordsj\u00e6lland \u2013 5.\u20136. september 2026","og_description":"Kom og oplev \u00e6gte fransk kultur: vin, delikatesser, markedsstemning og musik. Kig forbi 5.\u20136. september 2026 kl. 10\u201316 i Esperg\u00e6rde","og_url":"https:\/\/detfranskevinhus.com\/sv\/det-franske-marked-i-nordsjaelland-5-6-september-2026\/","og_site_name":"Det Franske Vinhus","article_modified_time":"2026-02-27T14:30:40+00:00","og_image":[{"width":1920,"height":1440,"url":"https:\/\/detfranskevinhus.com\/wp-content\/uploads\/2026\/01\/IMG_9821.jpg","type":"image\/jpeg"}],"twitter_card":"summary_large_image","twitter_misc":{"Ber\u00e4knad l\u00e4stid":"5 minuter"},"schema":{"@context":"https:\/\/schema.org","@graph":[{"@type":"WebPage","@id":"https:\/\/detfranskevinhus.com\/sv\/det-franske-marked-i-nordsjaelland-5-6-september-2026\/","url":"https:\/\/detfranskevinhus.com\/sv\/det-franske-marked-i-nordsjaelland-5-6-september-2026\/","name":"Det Franske Marked i Nordsj\u00e6lland 5.\u20136. september 2026","isPartOf":{"@id":"https:\/\/detfranskevinhus.com\/sv\/#website"},"primaryImageOfPage":{"@id":"https:\/\/detfranskevinhus.com\/sv\/det-franske-marked-i-nordsjaelland-5-6-september-2026\/#primaryimage"},"image":{"@id":"https:\/\/detfranskevinhus.com\/sv\/det-franske-marked-i-nordsjaelland-5-6-september-2026\/#primaryimage"},"thumbnailUrl":"https:\/\/detfranskevinhus.com\/wp-content\/uploads\/2025\/08\/534724844_1360183009441865_6583500768701910615_n-1024x576.jpg","datePublished":"2025-01-27T05:33:03+00:00","dateModified":"2026-02-27T14:30:40+00:00","description":"Oplev fransk stemning, gastronomi, lokale franske produkter og musik p\u00e5 Det Franske Marked i Nordsj\u00e6lland 5.\u20136. september 2026. Se info her.","inLanguage":"sv-SE","potentialAction":[{"@type":"ReadAction","target":["https:\/\/detfranskevinhus.com\/sv\/det-franske-marked-i-nordsjaelland-5-6-september-2026\/"]}]},{"@type":"ImageObject","inLanguage":"sv-SE","@id":"https:\/\/detfranskevinhus.com\/sv\/det-franske-marked-i-nordsjaelland-5-6-september-2026\/#primaryimage","url":"https:\/\/detfranskevinhus.com\/wp-content\/uploads\/2025\/08\/534724844_1360183009441865_6583500768701910615_n-1024x576.jpg","contentUrl":"https:\/\/detfranskevinhus.com\/wp-content\/uploads\/2025\/08\/534724844_1360183009441865_6583500768701910615_n-1024x576.jpg"},{"@type":"WebSite","@id":"https:\/\/detfranskevinhus.com\/sv\/#website","url":"https:\/\/detfranskevinhus.com\/sv\/","name":"Det Franske Vinhus","description":"","publisher":{"@id":"https:\/\/detfranskevinhus.com\/sv\/#organization"},"potentialAction":[{"@type":"SearchAction","target":{"@type":"EntryPoint","urlTemplate":"https:\/\/detfranskevinhus.com\/sv\/?s={search_term_string}"},"query-input":{"@type":"PropertyValueSpecification","valueRequired":true,"valueName":"search_term_string"}}],"inLanguage":"sv-SE"},{"@type":"Organization","@id":"https:\/\/detfranskevinhus.com\/sv\/#organization","name":"Det Franske Vinhus","url":"https:\/\/detfranskevinhus.com\/sv\/","logo":{"@type":"ImageObject","inLanguage":"sv-SE","@id":"https:\/\/detfranskevinhus.com\/sv\/#\/schema\/logo\/image\/","url":"https:\/\/detfranskevinhus.com\/wp-content\/uploads\/2023\/07\/01_DFV_Logo_www_01-02-copy.jpg","contentUrl":"https:\/\/detfranskevinhus.com\/wp-content\/uploads\/2023\/07\/01_DFV_Logo_www_01-02-copy.jpg","width":992,"height":482,"caption":"Det Franske Vinhus"},"image":{"@id":"https:\/\/detfranskevinhus.com\/sv\/#\/schema\/logo\/image\/"}}]}},"_links":{"self":[{"href":"https:\/\/detfranskevinhus.com\/sv\/wp-json\/wp\/v2\/pages\/1000000028405","targetHints":{"allow":["GET"]}}],"collection":[{"href":"https:\/\/detfranskevinhus.com\/sv\/wp-json\/wp\/v2\/pages"}],"about":[{"href":"https:\/\/detfranskevinhus.com\/sv\/wp-json\/wp\/v2\/types\/page"}],"author":[{"embeddable":true,"href":"https:\/\/detfranskevinhus.com\/sv\/wp-json\/wp\/v2\/users\/1"}],"replies":[{"embeddable":true,"href":"https:\/\/detfranskevinhus.com\/sv\/wp-json\/wp\/v2\/comments?post=1000000028405"}],"version-history":[{"count":77,"href":"https:\/\/detfranskevinhus.com\/sv\/wp-json\/wp\/v2\/pages\/1000000028405\/revisions"}],"predecessor-version":[{"id":1000000031541,"href":"https:\/\/detfranskevinhus.com\/sv\/wp-json\/wp\/v2\/pages\/1000000028405\/revisions\/1000000031541"}],"wp:attachment":[{"href":"https:\/\/detfranskevinhus.com\/sv\/wp-json\/wp\/v2\/media?parent=1000000028405"}],"curies":[{"name":"wp","href":"https:\/\/api.w.org\/{rel}","templated":true}]}}